{"id":28,"date":"2021-03-09T14:57:34","date_gmt":"2021-03-09T14:57:34","guid":{"rendered":"https:\/\/colchonesvela.com\/blog\/?page_id=28"},"modified":"2026-01-23T13:32:11","modified_gmt":"2026-01-23T13:32:11","slug":"inicio","status":"publish","type":"page","link":"https:\/\/colchonesvela.com\/blog\/","title":{"rendered":"Inicio"},"content":{"rendered":"\n<style type=\"text\/css\" data-created_by=\"avia_inline_auto\" id=\"style-css-av-km24ytq1-13e8383a3ce255ae2eab07602740f005\">\n.avia-section.av-km24ytq1-13e8383a3ce255ae2eab07602740f005{\nbackground-repeat:no-repeat;\nbackground-image:url(https:\/\/colchonesvela.com\/blog\/wp-content\/uploads\/2021\/03\/banner.jpg);\nbackground-position:50% 50%;\nbackground-attachment:scroll;\n}\n<\/style>\n<div id='av_section_1'  class='avia-section av-km24ytq1-13e8383a3ce255ae2eab07602740f005 main_color avia-section-default avia-no-border-styling  avia-builder-el-0  el_before_av_section  avia-builder-el-first  avia-bg-style-scroll av-minimum-height av-minimum-height-custom av-height-custom  container_wrap fullsize'  data-section-bg-repeat='no-repeat' data-av_minimum_height_px='500'><div class='container av-section-cont-open' style='height:500px'><main  role=\"main\" itemprop=\"mainContentOfPage\"  class='template-page content  av-content-full alpha units'><div class='post-entry post-entry-type-page post-entry-28'><div class='entry-content-wrapper clearfix'>\n\n<style type=\"text\/css\" data-created_by=\"avia_inline_auto\" id=\"style-css-av-13au4-a8f55357001507e4f09a4e09f6a7bffc\">\n.flex_column.av-13au4-a8f55357001507e4f09a4e09f6a7bffc{\nborder-radius:0px 0px 0px 0px;\npadding:0px 0px 0px 0px;\n}\n<\/style>\n<div  class='flex_column av-13au4-a8f55357001507e4f09a4e09f6a7bffc av_three_fifth  avia-builder-el-1  avia-builder-el-no-sibling  first flex_column_div av-zero-column-padding  '     ><p>\n<style type=\"text\/css\" data-created_by=\"avia_inline_auto\" id=\"style-css-av-mca9dv45-63ef20fcb7e87094a6eee63c711b8933\">\n#top .av_textblock_section.av-mca9dv45-63ef20fcb7e87094a6eee63c711b8933 .avia_textblock{\nfont-size:40px;\ncolor:#3d148c;\ntext-align:left;\n}\n<\/style>\n<section  class='av_textblock_section av-mca9dv45-63ef20fcb7e87094a6eee63c711b8933 '   itemscope=\"itemscope\" itemtype=\"https:\/\/schema.org\/CreativeWork\" ><div class='avia_textblock av_inherit_color'  itemprop=\"text\" ><p><strong>Garantizamos el mejor<br \/>\ndescanso<\/strong><\/p>\n<\/div><\/section><br \/>\n\n<style type=\"text\/css\" data-created_by=\"avia_inline_auto\" id=\"style-css-av-kmacebc5-25fc5d35f27aae22d5ae0eafb67aa1d1\">\n#top .av_textblock_section.av-kmacebc5-25fc5d35f27aae22d5ae0eafb67aa1d1 .avia_textblock{\nfont-size:24px;\ncolor:#3d148c;\n}\n<\/style>\n<section  class='av_textblock_section av-kmacebc5-25fc5d35f27aae22d5ae0eafb67aa1d1 '   itemscope=\"itemscope\" itemtype=\"https:\/\/schema.org\/CreativeWork\" ><div class='avia_textblock av_inherit_color'  itemprop=\"text\" ><p>Trabajamos con primeras marcas<\/p>\n<\/div><\/section><\/p><\/div><\/div><\/div><\/main><!-- close content main element --><\/div><\/div><div id='av_section_2'  class='avia-section av-1kb9c-ce084a7f7437d40a85fa61a6b704776c main_color avia-section-large avia-no-border-styling  avia-builder-el-4  el_after_av_section  avia-builder-el-last  list-blog avia-bg-style-scroll container_wrap fullsize'  ><div class='container av-section-cont-open' ><div class='template-page content  av-content-full alpha units'><div class='post-entry post-entry-type-page post-entry-28'><div class='entry-content-wrapper clearfix'>\n\n<style type=\"text\/css\" data-created_by=\"avia_inline_auto\" id=\"style-css-av-xog0-26400608fa6a885c30f27a1ba6ede187\">\n.flex_column.av-xog0-26400608fa6a885c30f27a1ba6ede187{\nborder-radius:0px 0px 0px 0px;\npadding:0px 0px 0px 0px;\n}\n<\/style>\n<div  class='flex_column av-xog0-26400608fa6a885c30f27a1ba6ede187 av_one_full  avia-builder-el-5  el_before_av_one_full  avia-builder-el-first  title-blog first flex_column_div av-zero-column-padding  '     ><style type=\"text\/css\" data-created_by=\"avia_inline_auto\" id=\"style-css-av-km67u07t-9cdb14b8f38237e6ed8969d74509f79b\">\n#top .av-special-heading.av-km67u07t-9cdb14b8f38237e6ed8969d74509f79b{\npadding-bottom:0;\ncolor:#3d148c;\nfont-size:30px;\n}\nbody .av-special-heading.av-km67u07t-9cdb14b8f38237e6ed8969d74509f79b .av-special-heading-tag .heading-char{\nfont-size:25px;\n}\n#top #wrap_all .av-special-heading.av-km67u07t-9cdb14b8f38237e6ed8969d74509f79b .av-special-heading-tag{\nfont-size:30px;\n}\n.av-special-heading.av-km67u07t-9cdb14b8f38237e6ed8969d74509f79b .special-heading-inner-border{\nborder-color:#3d148c;\n}\n.av-special-heading.av-km67u07t-9cdb14b8f38237e6ed8969d74509f79b .av-subheading{\nfont-size:15px;\n}\n\n@media only screen and (min-width: 480px) and (max-width: 767px){ \n#top #wrap_all .av-special-heading.av-km67u07t-9cdb14b8f38237e6ed8969d74509f79b .av-special-heading-tag{\nfont-size:0.8em;\n}\n}\n\n@media only screen and (max-width: 479px){ \n#top #wrap_all .av-special-heading.av-km67u07t-9cdb14b8f38237e6ed8969d74509f79b .av-special-heading-tag{\nfont-size:0.8em;\n}\n}\n<\/style>\n<div  class='av-special-heading av-km67u07t-9cdb14b8f38237e6ed8969d74509f79b av-special-heading-h1 custom-color-heading blockquote modern-quote modern-centered  avia-builder-el-6  avia-builder-el-no-sibling  av-inherit-size'><h1 class='av-special-heading-tag '  itemprop=\"headline\"  >El blog del descanso<\/h1><div class=\"special-heading-border\"><div class=\"special-heading-inner-border\"><\/div><\/div><\/div><\/div><div class='flex_column_table av-108ng-3192abb4fac32a663160d6d7b3977f3b sc-av_one_full av-equal-height-column-flextable'>\n<style type=\"text\/css\" data-created_by=\"avia_inline_auto\" id=\"style-css-av-108ng-3192abb4fac32a663160d6d7b3977f3b\">\n.flex_column.av-108ng-3192abb4fac32a663160d6d7b3977f3b{\nborder-radius:0px 0px 0px 0px;\npadding:0px 0px 0px 0px;\n}\n<\/style>\n<div  class='flex_column av-108ng-3192abb4fac32a663160d6d7b3977f3b av_one_full  avia-builder-el-7  el_after_av_one_full  avia-builder-el-last  blog-post first flex_column_table_cell av-equal-height-column av-align-top av-zero-column-padding  column-top-margin'     ><div  data-slideshow-options=\"{&quot;animation&quot;:&quot;fade&quot;,&quot;autoplay&quot;:false,&quot;loop_autoplay&quot;:&quot;once&quot;,&quot;interval&quot;:5,&quot;loop_manual&quot;:&quot;manual-endless&quot;,&quot;autoplay_stopper&quot;:false,&quot;noNavigation&quot;:false,&quot;show_slide_delay&quot;:90}\" class='avia-content-slider avia-content-grid-active avia-content-slider1 avia-content-slider-odd  avia-builder-el-8  avia-builder-el-no-sibling  blog-post av-slideshow-ui av-control-default   av-no-slider-navigation av-slideshow-manual av-loop-once av-loop-manual-endless '  itemscope=\"itemscope\" itemtype=\"https:\/\/schema.org\/Blog\" ><div class=\"avia-content-slider-inner\"><div class=\"slide-entry-wrap\"><article class='slide-entry flex_column  post-entry post-entry-1507 slide-entry-overview slide-loop-1 slide-parity-odd  av_one_third first real-thumbnail posttype-post post-format-standard'  itemscope=\"itemscope\" itemtype=\"https:\/\/schema.org\/CreativeWork\" ><a href='https:\/\/colchonesvela.com\/blog\/consejos-de-descanso\/dolor-de-espalda-colchon\/' data-rel='slide-1' class='slide-image' title='\u00bfC\u00f3mo saber si mi dolor de espalda es por el colch\u00f3n?'><img decoding=\"async\" fetchpriority=\"high\" width=\"495\" height=\"400\" src=\"https:\/\/colchonesvela.com\/blog\/wp-content\/uploads\/2026\/02\/causas-de-mi-dolor-de-espalda-495x400.webp\" class=\"wp-image-1509 avia-img-lazy-loading-not-1509 attachment-portfolio size-portfolio wp-post-image\" alt=\"tu dolor de espalda puede ser por dormir en un colchon antiguo\" \/><\/a><div class=\"slide-content\"><header class=\"entry-content-header\" aria-label=\"Slide: \u00bfC\u00f3mo saber si mi dolor de espalda es por el colch\u00f3n?\"><h3 class='slide-entry-title entry-title '  itemprop=\"headline\" ><a href='https:\/\/colchonesvela.com\/blog\/consejos-de-descanso\/dolor-de-espalda-colchon\/' title='\u00bfC\u00f3mo saber si mi dolor de espalda es por el colch\u00f3n?'>\u00bfC\u00f3mo saber si mi dolor de espalda es por el colch\u00f3n?<\/a><\/h3><span class=\"av-vertical-delimiter\"><\/span><\/header><div class=\"slide-meta\"><time class='slide-meta-time updated'  itemprop=\"datePublished\" datetime=\"2026-02-20T11:13:57+00:00\" >febrero 20, 2026<\/time><\/div><div class='slide-entry-excerpt entry-content'  itemprop=\"text\" >Te levantas cansado.\r\nTe duele la zona lumbar, a veces tambi\u00e9n\u2026<div class=\"read-more-link\"><a href=\"https:\/\/colchonesvela.com\/blog\/consejos-de-descanso\/dolor-de-espalda-colchon\/\" class=\"more-link\">Leer m\u00e1s<span class='more-link-arrow avia-svg-icon avia-font-svg_entypo-fontello' data-av_svg_icon='right-open-big' data-av_iconset='svg_entypo-fontello'><svg version=\"1.1\" xmlns=\"http:\/\/www.w3.org\/2000\/svg\" width=\"15\" height=\"32\" viewBox=\"0 0 15 32\" preserveAspectRatio=\"xMidYMid meet\" role=\"graphics-symbol\" aria-hidden=\"true\">\n<path d=\"M0.416 27.84l11.456-11.84-11.456-11.904q-0.832-0.832 0-1.536 0.832-0.832 1.536 0l12.544 12.608q0.768 0.832 0 1.6l-12.544 12.608q-0.704 0.832-1.536 0-0.832-0.704 0-1.536z\"><\/path>\n<\/svg><\/span><\/a><\/div><\/div><\/div><footer class=\"entry-footer\"><\/footer><span class='hidden'>\n\t\t\t\t<span class='av-structured-data'  itemprop=\"image\" itemscope=\"itemscope\" itemtype=\"https:\/\/schema.org\/ImageObject\" >\n\t\t\t\t\t\t<span itemprop='url'>https:\/\/colchonesvela.com\/blog\/wp-content\/uploads\/2026\/02\/causas-de-mi-dolor-de-espalda.webp<\/span>\n\t\t\t\t\t\t<span itemprop='height'>601<\/span>\n\t\t\t\t\t\t<span itemprop='width'>1280<\/span>\n\t\t\t\t<\/span>\n\t\t\t\t<span class='av-structured-data'  itemprop=\"publisher\" itemtype=\"https:\/\/schema.org\/Organization\" itemscope=\"itemscope\" >\n\t\t\t\t\t\t<span itemprop='name'>Info<\/span>\n\t\t\t\t\t\t<span itemprop='logo' itemscope itemtype='https:\/\/schema.org\/ImageObject'>\n\t\t\t\t\t\t\t<span itemprop='url'>https:\/\/colchonesvela.com\/blog\/wp-content\/uploads\/2021\/03\/vela-logo-11.png<\/span>\n\t\t\t\t\t\t<\/span>\n\t\t\t\t<\/span><span class='av-structured-data'  itemprop=\"author\" itemscope=\"itemscope\" itemtype=\"https:\/\/schema.org\/Person\" ><span itemprop='name'>Info<\/span><\/span><span class='av-structured-data'  itemprop=\"datePublished\" datetime=\"2021-03-09T14:57:34+00:00\" >2026-02-20 11:13:57<\/span><span class='av-structured-data'  itemprop=\"dateModified\" itemtype=\"https:\/\/schema.org\/dateModified\" >2026-02-20 11:13:57<\/span><span class='av-structured-data'  itemprop=\"mainEntityOfPage\" itemtype=\"https:\/\/schema.org\/mainEntityOfPage\" ><span itemprop='name'>\u00bfC\u00f3mo saber si mi dolor de espalda es por el colch\u00f3n?<\/span><\/span><\/span><\/article><article class='slide-entry flex_column  post-entry post-entry-1248 slide-entry-overview slide-loop-2 slide-parity-even  av_one_third  real-thumbnail posttype-post post-format-standard'  itemscope=\"itemscope\" itemtype=\"https:\/\/schema.org\/CreativeWork\" ><a href='https:\/\/colchonesvela.com\/blog\/somier\/hundimiento-colchon-somier\/' data-rel='slide-1' class='slide-image' title='\u00bfTu colch\u00f3n se hunde? Puede que sea el somier'><img decoding=\"async\" fetchpriority=\"high\" width=\"495\" height=\"400\" src=\"https:\/\/colchonesvela.com\/blog\/wp-content\/uploads\/2025\/05\/hundimiento-colchon-somier-495x400.webp\" class=\"wp-image-1249 avia-img-lazy-loading-not-1249 attachment-portfolio size-portfolio wp-post-image\" alt=\"Si tu colchon se hunde, es problema del somier. Compra tu canape abatible\" \/><\/a><div class=\"slide-content\"><header class=\"entry-content-header\" aria-label=\"Slide: \u00bfTu colch\u00f3n se hunde? Puede que sea el somier\"><h3 class='slide-entry-title entry-title '  itemprop=\"headline\" ><a href='https:\/\/colchonesvela.com\/blog\/somier\/hundimiento-colchon-somier\/' title='\u00bfTu colch\u00f3n se hunde? Puede que sea el somier'>\u00bfTu colch\u00f3n se hunde? Puede que sea el somier<\/a><\/h3><span class=\"av-vertical-delimiter\"><\/span><\/header><div class=\"slide-meta\"><time class='slide-meta-time updated'  itemprop=\"datePublished\" datetime=\"2026-02-13T11:00:11+00:00\" >febrero 13, 2026<\/time><\/div><div class='slide-entry-excerpt entry-content'  itemprop=\"text\" >\u00bfTe levantas con la sensaci\u00f3n de que tu cama ya no es tan c\u00f3moda\u2026<div class=\"read-more-link\"><a href=\"https:\/\/colchonesvela.com\/blog\/somier\/hundimiento-colchon-somier\/\" class=\"more-link\">Leer m\u00e1s<span class='more-link-arrow avia-svg-icon avia-font-svg_entypo-fontello' data-av_svg_icon='right-open-big' data-av_iconset='svg_entypo-fontello'><svg version=\"1.1\" xmlns=\"http:\/\/www.w3.org\/2000\/svg\" width=\"15\" height=\"32\" viewBox=\"0 0 15 32\" preserveAspectRatio=\"xMidYMid meet\" role=\"graphics-symbol\" aria-hidden=\"true\">\n<path d=\"M0.416 27.84l11.456-11.84-11.456-11.904q-0.832-0.832 0-1.536 0.832-0.832 1.536 0l12.544 12.608q0.768 0.832 0 1.6l-12.544 12.608q-0.704 0.832-1.536 0-0.832-0.704 0-1.536z\"><\/path>\n<\/svg><\/span><\/a><\/div><\/div><\/div><footer class=\"entry-footer\"><\/footer><span class='hidden'>\n\t\t\t\t<span class='av-structured-data'  itemprop=\"image\" itemscope=\"itemscope\" itemtype=\"https:\/\/schema.org\/ImageObject\" >\n\t\t\t\t\t\t<span itemprop='url'>https:\/\/colchonesvela.com\/blog\/wp-content\/uploads\/2025\/05\/hundimiento-colchon-somier.webp<\/span>\n\t\t\t\t\t\t<span itemprop='height'>601<\/span>\n\t\t\t\t\t\t<span itemprop='width'>1280<\/span>\n\t\t\t\t<\/span>\n\t\t\t\t<span class='av-structured-data'  itemprop=\"publisher\" itemtype=\"https:\/\/schema.org\/Organization\" itemscope=\"itemscope\" >\n\t\t\t\t\t\t<span itemprop='name'>Info<\/span>\n\t\t\t\t\t\t<span itemprop='logo' itemscope itemtype='https:\/\/schema.org\/ImageObject'>\n\t\t\t\t\t\t\t<span itemprop='url'>https:\/\/colchonesvela.com\/blog\/wp-content\/uploads\/2021\/03\/vela-logo-11.png<\/span>\n\t\t\t\t\t\t<\/span>\n\t\t\t\t<\/span><span class='av-structured-data'  itemprop=\"author\" itemscope=\"itemscope\" itemtype=\"https:\/\/schema.org\/Person\" ><span itemprop='name'>Info<\/span><\/span><span class='av-structured-data'  itemprop=\"datePublished\" datetime=\"2021-03-09T14:57:34+00:00\" >2026-02-13 11:00:11<\/span><span class='av-structured-data'  itemprop=\"dateModified\" itemtype=\"https:\/\/schema.org\/dateModified\" >2026-04-29 11:09:37<\/span><span class='av-structured-data'  itemprop=\"mainEntityOfPage\" itemtype=\"https:\/\/schema.org\/mainEntityOfPage\" ><span itemprop='name'>\u00bfTu colch\u00f3n se hunde? Puede que sea el somier<\/span><\/span><\/span><\/article><article class='slide-entry flex_column  post-entry post-entry-1497 slide-entry-overview slide-loop-3 slide-parity-odd  av_one_third  real-thumbnail posttype-post post-format-standard'  itemscope=\"itemscope\" itemtype=\"https:\/\/schema.org\/CreativeWork\" ><a href='https:\/\/colchonesvela.com\/blog\/canape\/canape-abatible-suelo-radiante\/' data-rel='slide-1' class='slide-image' title='\u00bfSe puede poner un canap\u00e9 abatible con suelo radiante?'><img decoding=\"async\" fetchpriority=\"high\" width=\"495\" height=\"400\" src=\"https:\/\/colchonesvela.com\/blog\/wp-content\/uploads\/2026\/02\/se-puede-poner-canape-abatible-suelo-radiante-495x400.webp\" class=\"wp-image-1499 avia-img-lazy-loading-not-1499 attachment-portfolio size-portfolio wp-post-image\" alt=\"se puede poner un canape abatible con suelo radiante\" \/><\/a><div class=\"slide-content\"><header class=\"entry-content-header\" aria-label=\"Slide: \u00bfSe puede poner un canap\u00e9 abatible con suelo radiante?\"><h3 class='slide-entry-title entry-title '  itemprop=\"headline\" ><a href='https:\/\/colchonesvela.com\/blog\/canape\/canape-abatible-suelo-radiante\/' title='\u00bfSe puede poner un canap\u00e9 abatible con suelo radiante?'>\u00bfSe puede poner un canap\u00e9 abatible con suelo radiante?<\/a><\/h3><span class=\"av-vertical-delimiter\"><\/span><\/header><div class=\"slide-meta\"><time class='slide-meta-time updated'  itemprop=\"datePublished\" datetime=\"2026-02-06T13:00:12+00:00\" >febrero 6, 2026<\/time><\/div><div class='slide-entry-excerpt entry-content'  itemprop=\"text\" >Si est\u00e1s pensando en cambiar de cama o amueblar un dormitorio\u2026<div class=\"read-more-link\"><a href=\"https:\/\/colchonesvela.com\/blog\/canape\/canape-abatible-suelo-radiante\/\" class=\"more-link\">Leer m\u00e1s<span class='more-link-arrow avia-svg-icon avia-font-svg_entypo-fontello' data-av_svg_icon='right-open-big' data-av_iconset='svg_entypo-fontello'><svg version=\"1.1\" xmlns=\"http:\/\/www.w3.org\/2000\/svg\" width=\"15\" height=\"32\" viewBox=\"0 0 15 32\" preserveAspectRatio=\"xMidYMid meet\" role=\"graphics-symbol\" aria-hidden=\"true\">\n<path d=\"M0.416 27.84l11.456-11.84-11.456-11.904q-0.832-0.832 0-1.536 0.832-0.832 1.536 0l12.544 12.608q0.768 0.832 0 1.6l-12.544 12.608q-0.704 0.832-1.536 0-0.832-0.704 0-1.536z\"><\/path>\n<\/svg><\/span><\/a><\/div><\/div><\/div><footer class=\"entry-footer\"><\/footer><span class='hidden'>\n\t\t\t\t<span class='av-structured-data'  itemprop=\"image\" itemscope=\"itemscope\" itemtype=\"https:\/\/schema.org\/ImageObject\" >\n\t\t\t\t\t\t<span itemprop='url'>https:\/\/colchonesvela.com\/blog\/wp-content\/uploads\/2026\/02\/se-puede-poner-canape-abatible-suelo-radiante.webp<\/span>\n\t\t\t\t\t\t<span itemprop='height'>601<\/span>\n\t\t\t\t\t\t<span itemprop='width'>1280<\/span>\n\t\t\t\t<\/span>\n\t\t\t\t<span class='av-structured-data'  itemprop=\"publisher\" itemtype=\"https:\/\/schema.org\/Organization\" itemscope=\"itemscope\" >\n\t\t\t\t\t\t<span itemprop='name'>Info<\/span>\n\t\t\t\t\t\t<span itemprop='logo' itemscope itemtype='https:\/\/schema.org\/ImageObject'>\n\t\t\t\t\t\t\t<span itemprop='url'>https:\/\/colchonesvela.com\/blog\/wp-content\/uploads\/2021\/03\/vela-logo-11.png<\/span>\n\t\t\t\t\t\t<\/span>\n\t\t\t\t<\/span><span class='av-structured-data'  itemprop=\"author\" itemscope=\"itemscope\" itemtype=\"https:\/\/schema.org\/Person\" ><span itemprop='name'>Info<\/span><\/span><span class='av-structured-data'  itemprop=\"datePublished\" datetime=\"2021-03-09T14:57:34+00:00\" >2026-02-06 13:00:12<\/span><span class='av-structured-data'  itemprop=\"dateModified\" itemtype=\"https:\/\/schema.org\/dateModified\" >2026-02-06 08:49:48<\/span><span class='av-structured-data'  itemprop=\"mainEntityOfPage\" itemtype=\"https:\/\/schema.org\/mainEntityOfPage\" ><span itemprop='name'>\u00bfSe puede poner un canap\u00e9 abatible con suelo radiante?<\/span><\/span><\/span><\/article><\/div><div class=\"slide-entry-wrap\"><article class='slide-entry flex_column  post-entry post-entry-1491 slide-entry-overview slide-loop-4 slide-parity-odd  av_one_third first real-thumbnail posttype-post post-format-standard'  itemscope=\"itemscope\" itemtype=\"https:\/\/schema.org\/CreativeWork\" ><a href='https:\/\/colchonesvela.com\/blog\/consejos-de-compra\/cambiar-colchon-o-cama-guia-completa\/' data-rel='slide-1' class='slide-image' title='\u00bfCambiar solo el colch\u00f3n o toda la cama? La gu\u00eda definitiva'><img decoding=\"async\" fetchpriority=\"high\" width=\"495\" height=\"400\" src=\"https:\/\/colchonesvela.com\/blog\/wp-content\/uploads\/2026\/01\/cambiar-colchon-o-la-cama-entera-495x400.webp\" class=\"wp-image-1492 avia-img-lazy-loading-not-1492 attachment-portfolio size-portfolio wp-post-image\" alt=\"a la hora de comprar un colchon, debo cambiar solo el colch\u00f3n, o la cama entera\" \/><\/a><div class=\"slide-content\"><header class=\"entry-content-header\" aria-label=\"Slide: \u00bfCambiar solo el colch\u00f3n o toda la cama? La gu\u00eda definitiva\"><h3 class='slide-entry-title entry-title '  itemprop=\"headline\" ><a href='https:\/\/colchonesvela.com\/blog\/consejos-de-compra\/cambiar-colchon-o-cama-guia-completa\/' title='\u00bfCambiar solo el colch\u00f3n o toda la cama? La gu\u00eda definitiva'>\u00bfCambiar solo el colch\u00f3n o toda la cama? La gu\u00eda definitiva<\/a><\/h3><span class=\"av-vertical-delimiter\"><\/span><\/header><div class=\"slide-meta\"><time class='slide-meta-time updated'  itemprop=\"datePublished\" datetime=\"2026-01-30T09:00:31+00:00\" >enero 30, 2026<\/time><\/div><div class='slide-entry-excerpt entry-content'  itemprop=\"text\" >Cambiar el colch\u00f3n es una decisi\u00f3n que muchas personas retrasan\u2026<div class=\"read-more-link\"><a href=\"https:\/\/colchonesvela.com\/blog\/consejos-de-compra\/cambiar-colchon-o-cama-guia-completa\/\" class=\"more-link\">Leer m\u00e1s<span class='more-link-arrow avia-svg-icon avia-font-svg_entypo-fontello' data-av_svg_icon='right-open-big' data-av_iconset='svg_entypo-fontello'><svg version=\"1.1\" xmlns=\"http:\/\/www.w3.org\/2000\/svg\" width=\"15\" height=\"32\" viewBox=\"0 0 15 32\" preserveAspectRatio=\"xMidYMid meet\" role=\"graphics-symbol\" aria-hidden=\"true\">\n<path d=\"M0.416 27.84l11.456-11.84-11.456-11.904q-0.832-0.832 0-1.536 0.832-0.832 1.536 0l12.544 12.608q0.768 0.832 0 1.6l-12.544 12.608q-0.704 0.832-1.536 0-0.832-0.704 0-1.536z\"><\/path>\n<\/svg><\/span><\/a><\/div><\/div><\/div><footer class=\"entry-footer\"><\/footer><span class='hidden'>\n\t\t\t\t<span class='av-structured-data'  itemprop=\"image\" itemscope=\"itemscope\" itemtype=\"https:\/\/schema.org\/ImageObject\" >\n\t\t\t\t\t\t<span itemprop='url'>https:\/\/colchonesvela.com\/blog\/wp-content\/uploads\/2026\/01\/cambiar-colchon-o-la-cama-entera.webp<\/span>\n\t\t\t\t\t\t<span itemprop='height'>601<\/span>\n\t\t\t\t\t\t<span itemprop='width'>1280<\/span>\n\t\t\t\t<\/span>\n\t\t\t\t<span class='av-structured-data'  itemprop=\"publisher\" itemtype=\"https:\/\/schema.org\/Organization\" itemscope=\"itemscope\" >\n\t\t\t\t\t\t<span itemprop='name'>Info<\/span>\n\t\t\t\t\t\t<span itemprop='logo' itemscope itemtype='https:\/\/schema.org\/ImageObject'>\n\t\t\t\t\t\t\t<span itemprop='url'>https:\/\/colchonesvela.com\/blog\/wp-content\/uploads\/2021\/03\/vela-logo-11.png<\/span>\n\t\t\t\t\t\t<\/span>\n\t\t\t\t<\/span><span class='av-structured-data'  itemprop=\"author\" itemscope=\"itemscope\" itemtype=\"https:\/\/schema.org\/Person\" ><span itemprop='name'>Info<\/span><\/span><span class='av-structured-data'  itemprop=\"datePublished\" datetime=\"2021-03-09T14:57:34+00:00\" >2026-01-30 09:00:31<\/span><span class='av-structured-data'  itemprop=\"dateModified\" itemtype=\"https:\/\/schema.org\/dateModified\" >2026-01-28 11:21:15<\/span><span class='av-structured-data'  itemprop=\"mainEntityOfPage\" itemtype=\"https:\/\/schema.org\/mainEntityOfPage\" ><span itemprop='name'>\u00bfCambiar solo el colch\u00f3n o toda la cama? La gu\u00eda definitiva<\/span><\/span><\/span><\/article><article class='slide-entry flex_column  post-entry post-entry-1486 slide-entry-overview slide-loop-5 slide-parity-even  av_one_third  real-thumbnail posttype-post post-format-standard'  itemscope=\"itemscope\" itemtype=\"https:\/\/schema.org\/CreativeWork\" ><a href='https:\/\/colchonesvela.com\/blog\/consejos-de-descanso\/rutina-noche-dormir-8-horas\/' data-rel='slide-1' class='slide-image' title='La rutina de noche que debes seguir para dormir 8h'><img decoding=\"async\" fetchpriority=\"high\" width=\"495\" height=\"400\" src=\"https:\/\/colchonesvela.com\/blog\/wp-content\/uploads\/2026\/01\/rutina-de-noche-para-dormir-8-horas-495x400.webp\" class=\"wp-image-1489 avia-img-lazy-loading-not-1489 attachment-portfolio size-portfolio wp-post-image\" alt=\"cual es la rutina de noche ideal para dormir 8 horas\" \/><\/a><div class=\"slide-content\"><header class=\"entry-content-header\" aria-label=\"Slide: La rutina de noche que debes seguir para dormir 8h\"><h3 class='slide-entry-title entry-title '  itemprop=\"headline\" ><a href='https:\/\/colchonesvela.com\/blog\/consejos-de-descanso\/rutina-noche-dormir-8-horas\/' title='La rutina de noche que debes seguir para dormir 8h'>La rutina de noche que debes seguir para dormir 8h<\/a><\/h3><span class=\"av-vertical-delimiter\"><\/span><\/header><div class=\"slide-meta\"><time class='slide-meta-time updated'  itemprop=\"datePublished\" datetime=\"2026-01-23T08:50:03+00:00\" >enero 23, 2026<\/time><\/div><div class='slide-entry-excerpt entry-content'  itemprop=\"text\" >Dormir 8 horas seguidas no depende de una rutina perfecta copiada\u2026<div class=\"read-more-link\"><a href=\"https:\/\/colchonesvela.com\/blog\/consejos-de-descanso\/rutina-noche-dormir-8-horas\/\" class=\"more-link\">Leer m\u00e1s<span class='more-link-arrow avia-svg-icon avia-font-svg_entypo-fontello' data-av_svg_icon='right-open-big' data-av_iconset='svg_entypo-fontello'><svg version=\"1.1\" xmlns=\"http:\/\/www.w3.org\/2000\/svg\" width=\"15\" height=\"32\" viewBox=\"0 0 15 32\" preserveAspectRatio=\"xMidYMid meet\" role=\"graphics-symbol\" aria-hidden=\"true\">\n<path d=\"M0.416 27.84l11.456-11.84-11.456-11.904q-0.832-0.832 0-1.536 0.832-0.832 1.536 0l12.544 12.608q0.768 0.832 0 1.6l-12.544 12.608q-0.704 0.832-1.536 0-0.832-0.704 0-1.536z\"><\/path>\n<\/svg><\/span><\/a><\/div><\/div><\/div><footer class=\"entry-footer\"><\/footer><span class='hidden'>\n\t\t\t\t<span class='av-structured-data'  itemprop=\"image\" itemscope=\"itemscope\" itemtype=\"https:\/\/schema.org\/ImageObject\" >\n\t\t\t\t\t\t<span itemprop='url'>https:\/\/colchonesvela.com\/blog\/wp-content\/uploads\/2026\/01\/rutina-de-noche-para-dormir-8-horas.webp<\/span>\n\t\t\t\t\t\t<span itemprop='height'>601<\/span>\n\t\t\t\t\t\t<span itemprop='width'>1280<\/span>\n\t\t\t\t<\/span>\n\t\t\t\t<span class='av-structured-data'  itemprop=\"publisher\" itemtype=\"https:\/\/schema.org\/Organization\" itemscope=\"itemscope\" >\n\t\t\t\t\t\t<span itemprop='name'>Info<\/span>\n\t\t\t\t\t\t<span itemprop='logo' itemscope itemtype='https:\/\/schema.org\/ImageObject'>\n\t\t\t\t\t\t\t<span itemprop='url'>https:\/\/colchonesvela.com\/blog\/wp-content\/uploads\/2021\/03\/vela-logo-11.png<\/span>\n\t\t\t\t\t\t<\/span>\n\t\t\t\t<\/span><span class='av-structured-data'  itemprop=\"author\" itemscope=\"itemscope\" itemtype=\"https:\/\/schema.org\/Person\" ><span itemprop='name'>Info<\/span><\/span><span class='av-structured-data'  itemprop=\"datePublished\" datetime=\"2021-03-09T14:57:34+00:00\" >2026-01-23 08:50:03<\/span><span class='av-structured-data'  itemprop=\"dateModified\" itemtype=\"https:\/\/schema.org\/dateModified\" >2026-01-23 08:50:03<\/span><span class='av-structured-data'  itemprop=\"mainEntityOfPage\" itemtype=\"https:\/\/schema.org\/mainEntityOfPage\" ><span itemprop='name'>La rutina de noche que debes seguir para dormir 8h<\/span><\/span><\/span><\/article><article class='slide-entry flex_column  post-entry post-entry-1478 slide-entry-overview slide-loop-6 slide-parity-odd  av_one_third  real-thumbnail posttype-post post-format-standard'  itemscope=\"itemscope\" itemtype=\"https:\/\/schema.org\/CreativeWork\" ><a href='https:\/\/colchonesvela.com\/blog\/consejos-de-descanso\/compatibilizar-habitos-sueno-duermes-pareja\/' data-rel='slide-1' class='slide-image' title='C\u00f3mo compatibilizar h\u00e1bitos de sue\u00f1o distintos cuando duermes en pareja'><img decoding=\"async\" fetchpriority=\"high\" width=\"495\" height=\"400\" src=\"https:\/\/colchonesvela.com\/blog\/wp-content\/uploads\/2026\/01\/habitos-para-dormir-en-pareja-495x400.webp\" class=\"wp-image-1480 avia-img-lazy-loading-not-1480 attachment-portfolio size-portfolio wp-post-image\" alt=\"habitos y soluciones para dormir en pareja\" \/><\/a><div class=\"slide-content\"><header class=\"entry-content-header\" aria-label=\"Slide: C\u00f3mo compatibilizar h\u00e1bitos de sue\u00f1o distintos cuando duermes en pareja\"><h3 class='slide-entry-title entry-title '  itemprop=\"headline\" ><a href='https:\/\/colchonesvela.com\/blog\/consejos-de-descanso\/compatibilizar-habitos-sueno-duermes-pareja\/' title='C\u00f3mo compatibilizar h\u00e1bitos de sue\u00f1o distintos cuando duermes en pareja'>C\u00f3mo compatibilizar h\u00e1bitos de sue\u00f1o distintos cuando duermes en pareja<\/a><\/h3><span class=\"av-vertical-delimiter\"><\/span><\/header><div class=\"slide-meta\"><time class='slide-meta-time updated'  itemprop=\"datePublished\" datetime=\"2026-01-09T11:22:09+00:00\" >enero 9, 2026<\/time><\/div><div class='slide-entry-excerpt entry-content'  itemprop=\"text\" >Mar\u00eda y Juan dorm\u00edan separados desde hac\u00eda a\u00f1os. No por falta\u2026<div class=\"read-more-link\"><a href=\"https:\/\/colchonesvela.com\/blog\/consejos-de-descanso\/compatibilizar-habitos-sueno-duermes-pareja\/\" class=\"more-link\">Leer m\u00e1s<span class='more-link-arrow avia-svg-icon avia-font-svg_entypo-fontello' data-av_svg_icon='right-open-big' data-av_iconset='svg_entypo-fontello'><svg version=\"1.1\" xmlns=\"http:\/\/www.w3.org\/2000\/svg\" width=\"15\" height=\"32\" viewBox=\"0 0 15 32\" preserveAspectRatio=\"xMidYMid meet\" role=\"graphics-symbol\" aria-hidden=\"true\">\n<path d=\"M0.416 27.84l11.456-11.84-11.456-11.904q-0.832-0.832 0-1.536 0.832-0.832 1.536 0l12.544 12.608q0.768 0.832 0 1.6l-12.544 12.608q-0.704 0.832-1.536 0-0.832-0.704 0-1.536z\"><\/path>\n<\/svg><\/span><\/a><\/div><\/div><\/div><footer class=\"entry-footer\"><\/footer><span class='hidden'>\n\t\t\t\t<span class='av-structured-data'  itemprop=\"image\" itemscope=\"itemscope\" itemtype=\"https:\/\/schema.org\/ImageObject\" >\n\t\t\t\t\t\t<span itemprop='url'>https:\/\/colchonesvela.com\/blog\/wp-content\/uploads\/2026\/01\/habitos-para-dormir-en-pareja.webp<\/span>\n\t\t\t\t\t\t<span itemprop='height'>601<\/span>\n\t\t\t\t\t\t<span itemprop='width'>1280<\/span>\n\t\t\t\t<\/span>\n\t\t\t\t<span class='av-structured-data'  itemprop=\"publisher\" itemtype=\"https:\/\/schema.org\/Organization\" itemscope=\"itemscope\" >\n\t\t\t\t\t\t<span itemprop='name'>Info<\/span>\n\t\t\t\t\t\t<span itemprop='logo' itemscope itemtype='https:\/\/schema.org\/ImageObject'>\n\t\t\t\t\t\t\t<span itemprop='url'>https:\/\/colchonesvela.com\/blog\/wp-content\/uploads\/2021\/03\/vela-logo-11.png<\/span>\n\t\t\t\t\t\t<\/span>\n\t\t\t\t<\/span><span class='av-structured-data'  itemprop=\"author\" itemscope=\"itemscope\" itemtype=\"https:\/\/schema.org\/Person\" ><span itemprop='name'>Info<\/span><\/span><span class='av-structured-data'  itemprop=\"datePublished\" datetime=\"2021-03-09T14:57:34+00:00\" >2026-01-09 11:22:09<\/span><span class='av-structured-data'  itemprop=\"dateModified\" itemtype=\"https:\/\/schema.org\/dateModified\" >2026-01-09 11:22:09<\/span><span class='av-structured-data'  itemprop=\"mainEntityOfPage\" itemtype=\"https:\/\/schema.org\/mainEntityOfPage\" ><span itemprop='name'>C\u00f3mo compatibilizar h\u00e1bitos de sue\u00f1o distintos cuando duermes en pareja<\/span><\/span><\/span><\/article><\/div><div class=\"slide-entry-wrap\"><article class='slide-entry flex_column  post-entry post-entry-1472 slide-entry-overview slide-loop-7 slide-parity-odd  av_one_third first real-thumbnail posttype-post post-format-standard'  itemscope=\"itemscope\" itemtype=\"https:\/\/schema.org\/CreativeWork\" ><a href='https:\/\/colchonesvela.com\/blog\/consejos-de-descanso\/descanso-proposito-ano-nuevo\/' data-rel='slide-1' class='slide-image' title='Por qu\u00e9 el descanso deber\u00eda ser tu primer prop\u00f3sito de a\u00f1o nuevo'><img decoding=\"async\" fetchpriority=\"high\" width=\"495\" height=\"400\" src=\"https:\/\/colchonesvela.com\/blog\/wp-content\/uploads\/2025\/08\/pack-colchon-y-canape-para-mejor-descanso-495x400.webp\" class=\"wp-image-1317 avia-img-lazy-loading-not-1317 attachment-portfolio size-portfolio wp-post-image\" alt=\"el pack colchon y canape es la mejor opcion para el descanso\" \/><\/a><div class=\"slide-content\"><header class=\"entry-content-header\" aria-label=\"Slide: Por qu\u00e9 el descanso deber\u00eda ser tu primer prop\u00f3sito de a\u00f1o nuevo\"><h3 class='slide-entry-title entry-title '  itemprop=\"headline\" ><a href='https:\/\/colchonesvela.com\/blog\/consejos-de-descanso\/descanso-proposito-ano-nuevo\/' title='Por qu\u00e9 el descanso deber\u00eda ser tu primer prop\u00f3sito de a\u00f1o nuevo'>Por qu\u00e9 el descanso deber\u00eda ser tu primer prop\u00f3sito de a\u00f1o nuevo<\/a><\/h3><span class=\"av-vertical-delimiter\"><\/span><\/header><div class=\"slide-meta\"><time class='slide-meta-time updated'  itemprop=\"datePublished\" datetime=\"2026-01-02T10:00:21+00:00\" >enero 2, 2026<\/time><\/div><div class='slide-entry-excerpt entry-content'  itemprop=\"text\" >Cuando pensamos en prop\u00f3sitos de a\u00f1o nuevo, casi siempre aparecen\u2026<div class=\"read-more-link\"><a href=\"https:\/\/colchonesvela.com\/blog\/consejos-de-descanso\/descanso-proposito-ano-nuevo\/\" class=\"more-link\">Leer m\u00e1s<span class='more-link-arrow avia-svg-icon avia-font-svg_entypo-fontello' data-av_svg_icon='right-open-big' data-av_iconset='svg_entypo-fontello'><svg version=\"1.1\" xmlns=\"http:\/\/www.w3.org\/2000\/svg\" width=\"15\" height=\"32\" viewBox=\"0 0 15 32\" preserveAspectRatio=\"xMidYMid meet\" role=\"graphics-symbol\" aria-hidden=\"true\">\n<path d=\"M0.416 27.84l11.456-11.84-11.456-11.904q-0.832-0.832 0-1.536 0.832-0.832 1.536 0l12.544 12.608q0.768 0.832 0 1.6l-12.544 12.608q-0.704 0.832-1.536 0-0.832-0.704 0-1.536z\"><\/path>\n<\/svg><\/span><\/a><\/div><\/div><\/div><footer class=\"entry-footer\"><\/footer><span class='hidden'>\n\t\t\t\t<span class='av-structured-data'  itemprop=\"image\" itemscope=\"itemscope\" itemtype=\"https:\/\/schema.org\/ImageObject\" >\n\t\t\t\t\t\t<span itemprop='url'>https:\/\/colchonesvela.com\/blog\/wp-content\/uploads\/2025\/08\/pack-colchon-y-canape-para-mejor-descanso.webp<\/span>\n\t\t\t\t\t\t<span itemprop='height'>601<\/span>\n\t\t\t\t\t\t<span itemprop='width'>1280<\/span>\n\t\t\t\t<\/span>\n\t\t\t\t<span class='av-structured-data'  itemprop=\"publisher\" itemtype=\"https:\/\/schema.org\/Organization\" itemscope=\"itemscope\" >\n\t\t\t\t\t\t<span itemprop='name'>Info<\/span>\n\t\t\t\t\t\t<span itemprop='logo' itemscope itemtype='https:\/\/schema.org\/ImageObject'>\n\t\t\t\t\t\t\t<span itemprop='url'>https:\/\/colchonesvela.com\/blog\/wp-content\/uploads\/2021\/03\/vela-logo-11.png<\/span>\n\t\t\t\t\t\t<\/span>\n\t\t\t\t<\/span><span class='av-structured-data'  itemprop=\"author\" itemscope=\"itemscope\" itemtype=\"https:\/\/schema.org\/Person\" ><span itemprop='name'>Info<\/span><\/span><span class='av-structured-data'  itemprop=\"datePublished\" datetime=\"2021-03-09T14:57:34+00:00\" >2026-01-02 10:00:21<\/span><span class='av-structured-data'  itemprop=\"dateModified\" itemtype=\"https:\/\/schema.org\/dateModified\" >2026-04-29 09:24:19<\/span><span class='av-structured-data'  itemprop=\"mainEntityOfPage\" itemtype=\"https:\/\/schema.org\/mainEntityOfPage\" ><span itemprop='name'>Por qu\u00e9 el descanso deber\u00eda ser tu primer prop\u00f3sito de a\u00f1o nuevo<\/span><\/span><\/span><\/article><article class='slide-entry flex_column  post-entry post-entry-340 slide-entry-overview slide-loop-8 slide-parity-even  av_one_third  real-thumbnail posttype-post post-format-standard'  itemscope=\"itemscope\" itemtype=\"https:\/\/schema.org\/CreativeWork\" ><a href='https:\/\/colchonesvela.com\/blog\/consejos-de-compra\/tipos-de-almohadas\/' data-rel='slide-1' class='slide-image' title='\u00bfQu\u00e9 tipos de almohadas existen y cu\u00e1l comprar?'><img decoding=\"async\" fetchpriority=\"high\" width=\"495\" height=\"400\" src=\"https:\/\/colchonesvela.com\/blog\/wp-content\/uploads\/2023\/11\/tipos-de-almohadas-495x400.jpg\" class=\"wp-image-341 avia-img-lazy-loading-not-341 attachment-portfolio size-portfolio wp-post-image\" alt=\"Tipos de almohadas\" srcset=\"https:\/\/colchonesvela.com\/blog\/wp-content\/uploads\/2023\/11\/tipos-de-almohadas-495x400.jpg 495w, https:\/\/colchonesvela.com\/blog\/wp-content\/uploads\/2023\/11\/tipos-de-almohadas-300x242.jpg 300w, https:\/\/colchonesvela.com\/blog\/wp-content\/uploads\/2023\/11\/tipos-de-almohadas-768x619.jpg 768w, https:\/\/colchonesvela.com\/blog\/wp-content\/uploads\/2023\/11\/tipos-de-almohadas-705x568.jpg 705w, https:\/\/colchonesvela.com\/blog\/wp-content\/uploads\/2023\/11\/tipos-de-almohadas.jpg 833w\" sizes=\"(max-width: 495px) 100vw, 495px\" \/><\/a><div class=\"slide-content\"><header class=\"entry-content-header\" aria-label=\"Slide: \u00bfQu\u00e9 tipos de almohadas existen y cu\u00e1l comprar?\"><h3 class='slide-entry-title entry-title '  itemprop=\"headline\" ><a href='https:\/\/colchonesvela.com\/blog\/consejos-de-compra\/tipos-de-almohadas\/' title='\u00bfQu\u00e9 tipos de almohadas existen y cu\u00e1l comprar?'>\u00bfQu\u00e9 tipos de almohadas existen y cu\u00e1l comprar?<\/a><\/h3><span class=\"av-vertical-delimiter\"><\/span><\/header><div class=\"slide-meta\"><time class='slide-meta-time updated'  itemprop=\"datePublished\" datetime=\"2025-12-26T09:30:27+00:00\" >diciembre 26, 2025<\/time><div class=\"slide-meta-del\">\/<\/div><div class=\"slide-meta-comments\"><a href='https:\/\/colchonesvela.com\/blog\/consejos-de-compra\/tipos-de-almohadas\/#respond'>0 Comentarios<\/a><\/div><\/div><div class='slide-entry-excerpt entry-content'  itemprop=\"text\" >Hemos preparado un completo an\u00e1lisis sobre los diversos tipos\u2026<div class=\"read-more-link\"><a href=\"https:\/\/colchonesvela.com\/blog\/consejos-de-compra\/tipos-de-almohadas\/\" class=\"more-link\">Leer m\u00e1s<span class='more-link-arrow avia-svg-icon avia-font-svg_entypo-fontello' data-av_svg_icon='right-open-big' data-av_iconset='svg_entypo-fontello'><svg version=\"1.1\" xmlns=\"http:\/\/www.w3.org\/2000\/svg\" width=\"15\" height=\"32\" viewBox=\"0 0 15 32\" preserveAspectRatio=\"xMidYMid meet\" role=\"graphics-symbol\" aria-hidden=\"true\">\n<path d=\"M0.416 27.84l11.456-11.84-11.456-11.904q-0.832-0.832 0-1.536 0.832-0.832 1.536 0l12.544 12.608q0.768 0.832 0 1.6l-12.544 12.608q-0.704 0.832-1.536 0-0.832-0.704 0-1.536z\"><\/path>\n<\/svg><\/span><\/a><\/div><\/div><\/div><footer class=\"entry-footer\"><\/footer><span class='hidden'>\n\t\t\t\t<span class='av-structured-data'  itemprop=\"image\" itemscope=\"itemscope\" itemtype=\"https:\/\/schema.org\/ImageObject\" >\n\t\t\t\t\t\t<span itemprop='url'>https:\/\/colchonesvela.com\/blog\/wp-content\/uploads\/2023\/11\/tipos-de-almohadas.jpg<\/span>\n\t\t\t\t\t\t<span itemprop='height'>671<\/span>\n\t\t\t\t\t\t<span itemprop='width'>833<\/span>\n\t\t\t\t<\/span>\n\t\t\t\t<span class='av-structured-data'  itemprop=\"publisher\" itemtype=\"https:\/\/schema.org\/Organization\" itemscope=\"itemscope\" >\n\t\t\t\t\t\t<span itemprop='name'>Info<\/span>\n\t\t\t\t\t\t<span itemprop='logo' itemscope itemtype='https:\/\/schema.org\/ImageObject'>\n\t\t\t\t\t\t\t<span itemprop='url'>https:\/\/colchonesvela.com\/blog\/wp-content\/uploads\/2021\/03\/vela-logo-11.png<\/span>\n\t\t\t\t\t\t<\/span>\n\t\t\t\t<\/span><span class='av-structured-data'  itemprop=\"author\" itemscope=\"itemscope\" itemtype=\"https:\/\/schema.org\/Person\" ><span itemprop='name'>Info<\/span><\/span><span class='av-structured-data'  itemprop=\"datePublished\" datetime=\"2021-03-09T14:57:34+00:00\" >2025-12-26 09:30:27<\/span><span class='av-structured-data'  itemprop=\"dateModified\" itemtype=\"https:\/\/schema.org\/dateModified\" >2026-04-29 08:20:57<\/span><span class='av-structured-data'  itemprop=\"mainEntityOfPage\" itemtype=\"https:\/\/schema.org\/mainEntityOfPage\" ><span itemprop='name'>\u00bfQu\u00e9 tipos de almohadas existen y cu\u00e1l comprar?<\/span><\/span><\/span><\/article><article class='slide-entry flex_column  post-entry post-entry-1460 slide-entry-overview slide-loop-9 slide-parity-odd  post-entry-last  av_one_third  real-thumbnail posttype-post post-format-standard'  itemscope=\"itemscope\" itemtype=\"https:\/\/schema.org\/CreativeWork\" ><a href='https:\/\/colchonesvela.com\/blog\/consejos-de-compra\/equipar-dormitorio-guia-avenida-cataluna\/' data-rel='slide-1' class='slide-image' title='C\u00f3mo equipar tu dormitorio al mudarte: gu\u00eda en Av. Catalu\u00f1a'><img decoding=\"async\" fetchpriority=\"high\" width=\"495\" height=\"400\" src=\"https:\/\/colchonesvela.com\/blog\/wp-content\/uploads\/2025\/12\/colchones-vela-fachada-avda-cataluna-495x400.webp\" class=\"wp-image-1462 avia-img-lazy-loading-not-1462 attachment-portfolio size-portfolio wp-post-image\" alt=\"tienda de colchones en Avenida Catalu\u00f1a\" \/><\/a><div class=\"slide-content\"><header class=\"entry-content-header\" aria-label=\"Slide: C\u00f3mo equipar tu dormitorio al mudarte: gu\u00eda en Av. Catalu\u00f1a\"><h3 class='slide-entry-title entry-title '  itemprop=\"headline\" ><a href='https:\/\/colchonesvela.com\/blog\/consejos-de-compra\/equipar-dormitorio-guia-avenida-cataluna\/' title='C\u00f3mo equipar tu dormitorio al mudarte: gu\u00eda en Av. Catalu\u00f1a'>C\u00f3mo equipar tu dormitorio al mudarte: gu\u00eda en Av. Catalu\u00f1a<\/a><\/h3><span class=\"av-vertical-delimiter\"><\/span><\/header><div class=\"slide-meta\"><time class='slide-meta-time updated'  itemprop=\"datePublished\" datetime=\"2025-12-19T10:00:17+00:00\" >diciembre 19, 2025<\/time><\/div><div class='slide-entry-excerpt entry-content'  itemprop=\"text\" >Mudarse a un nuevo piso en Zaragoza \u2014especialmente en zonas\u2026<div class=\"read-more-link\"><a href=\"https:\/\/colchonesvela.com\/blog\/consejos-de-compra\/equipar-dormitorio-guia-avenida-cataluna\/\" class=\"more-link\">Leer m\u00e1s<span class='more-link-arrow avia-svg-icon avia-font-svg_entypo-fontello' data-av_svg_icon='right-open-big' data-av_iconset='svg_entypo-fontello'><svg version=\"1.1\" xmlns=\"http:\/\/www.w3.org\/2000\/svg\" width=\"15\" height=\"32\" viewBox=\"0 0 15 32\" preserveAspectRatio=\"xMidYMid meet\" role=\"graphics-symbol\" aria-hidden=\"true\">\n<path d=\"M0.416 27.84l11.456-11.84-11.456-11.904q-0.832-0.832 0-1.536 0.832-0.832 1.536 0l12.544 12.608q0.768 0.832 0 1.6l-12.544 12.608q-0.704 0.832-1.536 0-0.832-0.704 0-1.536z\"><\/path>\n<\/svg><\/span><\/a><\/div><\/div><\/div><footer class=\"entry-footer\"><\/footer><span class='hidden'>\n\t\t\t\t<span class='av-structured-data'  itemprop=\"image\" itemscope=\"itemscope\" itemtype=\"https:\/\/schema.org\/ImageObject\" >\n\t\t\t\t\t\t<span itemprop='url'>https:\/\/colchonesvela.com\/blog\/wp-content\/uploads\/2025\/12\/colchones-vela-fachada-avda-cataluna.webp<\/span>\n\t\t\t\t\t\t<span itemprop='height'>601<\/span>\n\t\t\t\t\t\t<span itemprop='width'>1280<\/span>\n\t\t\t\t<\/span>\n\t\t\t\t<span class='av-structured-data'  itemprop=\"publisher\" itemtype=\"https:\/\/schema.org\/Organization\" itemscope=\"itemscope\" >\n\t\t\t\t\t\t<span itemprop='name'>Info<\/span>\n\t\t\t\t\t\t<span itemprop='logo' itemscope itemtype='https:\/\/schema.org\/ImageObject'>\n\t\t\t\t\t\t\t<span itemprop='url'>https:\/\/colchonesvela.com\/blog\/wp-content\/uploads\/2021\/03\/vela-logo-11.png<\/span>\n\t\t\t\t\t\t<\/span>\n\t\t\t\t<\/span><span class='av-structured-data'  itemprop=\"author\" itemscope=\"itemscope\" itemtype=\"https:\/\/schema.org\/Person\" ><span itemprop='name'>Info<\/span><\/span><span class='av-structured-data'  itemprop=\"datePublished\" datetime=\"2021-03-09T14:57:34+00:00\" >2025-12-19 10:00:17<\/span><span class='av-structured-data'  itemprop=\"dateModified\" itemtype=\"https:\/\/schema.org\/dateModified\" >2025-12-17 13:23:49<\/span><span class='av-structured-data'  itemprop=\"mainEntityOfPage\" itemtype=\"https:\/\/schema.org\/mainEntityOfPage\" ><span itemprop='name'>C\u00f3mo equipar tu dormitorio al mudarte: gu\u00eda en Av. Catalu\u00f1a<\/span><\/span><\/span><\/article><\/div><\/div><div class='pagination-wrap pagination-slider'><nav class='pagination'><span class='pagination-meta'>P\u00e1gina 1 de 11<\/span><span class='current'>1<\/span><a href='https:\/\/colchonesvela.com\/blog\/wp-json\/wp\/v2\/pages\/28\/?avia-element-paging=2' class='inactive next_page' >2<\/a><a href='https:\/\/colchonesvela.com\/blog\/wp-json\/wp\/v2\/pages\/28\/?avia-element-paging=3' class='inactive' >3<\/a><a href='https:\/\/colchonesvela.com\/blog\/wp-json\/wp\/v2\/pages\/28\/?avia-element-paging=2'>&rsaquo;<\/a><a href='https:\/\/colchonesvela.com\/blog\/wp-json\/wp\/v2\/pages\/28\/?avia-element-paging=11'>&raquo;<\/a><\/nav>\n<\/div><\/div><\/div><\/div><!--close column table wrapper. Autoclose: 1 --><\/p>\n","protected":false},"excerpt":{"rendered":"","protected":false},"author":1,"featured_media":0,"parent":0,"menu_order":0,"comment_status":"closed","ping_status":"closed","template":"","meta":{"footnotes":""},"class_list":["post-28","page","type-page","status-publish","hentry"],"yoast_head":"<!-- This site is optimized with the Yoast SEO Premium plugin v24.8 (Yoast SEO v27.5) - https:\/\/yoast.com\/product\/yoast-seo-premium-wordpress\/ -->\n<title>El Blog del Descanso | Consejos, Tipos y Gu\u00edas | Colchones Vela<\/title>\n<meta name=\"description\" content=\"Accede y descubre los mejores art\u00edculos relacionados con el descanso y la compra de productos de descanso. Colchones, almohadas, canap\u00e9s...\" \/>\n<meta name=\"robots\" content=\"index, follow, max-snippet:-1, max-image-preview:large, max-video-preview:-1\" \/>\n<link rel=\"canonical\" href=\"https:\/\/colchonesvela.com\/blog\/\" \/>\n<meta property=\"og:locale\" content=\"es_ES\" \/>\n<meta property=\"og:type\" content=\"article\" \/>\n<meta property=\"og:title\" content=\"Inicio\" \/>\n<meta property=\"og:description\" content=\"Accede y descubre los mejores art\u00edculos relacionados con el descanso y la compra de productos de descanso. Colchones, almohadas, canap\u00e9s...\" \/>\n<meta property=\"og:url\" content=\"https:\/\/colchonesvela.com\/blog\/\" \/>\n<meta property=\"og:site_name\" content=\"Colchones Vela\" \/>\n<meta property=\"article:modified_time\" content=\"2026-01-23T13:32:11+00:00\" \/>\n<meta name=\"twitter:card\" content=\"summary_large_image\" \/>\n<meta name=\"twitter:label1\" content=\"Tiempo de lectura\" \/>\n\t<meta name=\"twitter:data1\" content=\"4 minutos\" \/>\n<script type=\"application\/ld+json\" class=\"yoast-schema-graph\">{\"@context\":\"https:\\\/\\\/schema.org\",\"@graph\":[{\"@type\":\"WebPage\",\"@id\":\"https:\\\/\\\/colchonesvela.com\\\/blog\\\/inicio\\\/\",\"url\":\"https:\\\/\\\/colchonesvela.com\\\/blog\\\/\",\"name\":\"El Blog del Descanso | Consejos, Tipos y Gu\u00edas | Colchones Vela\",\"isPartOf\":{\"@id\":\"https:\\\/\\\/colchonesvela.com\\\/blog\\\/#website\"},\"datePublished\":\"2021-03-09T14:57:34+00:00\",\"dateModified\":\"2026-01-23T13:32:11+00:00\",\"description\":\"Accede y descubre los mejores art\u00edculos relacionados con el descanso y la compra de productos de descanso. Colchones, almohadas, canap\u00e9s...\",\"breadcrumb\":{\"@id\":\"https:\\\/\\\/colchonesvela.com\\\/blog\\\/#breadcrumb\"},\"inLanguage\":\"es\",\"potentialAction\":[{\"@type\":\"ReadAction\",\"target\":[\"https:\\\/\\\/colchonesvela.com\\\/blog\\\/\"]}]},{\"@type\":\"BreadcrumbList\",\"@id\":\"https:\\\/\\\/colchonesvela.com\\\/blog\\\/#breadcrumb\",\"itemListElement\":[{\"@type\":\"ListItem\",\"position\":1,\"name\":\"Portada\",\"item\":\"https:\\\/\\\/colchonesvela.com\\\/blog\\\/inicio\\\/\"},{\"@type\":\"ListItem\",\"position\":2,\"name\":\"Inicio\"}]},{\"@type\":\"WebSite\",\"@id\":\"https:\\\/\\\/colchonesvela.com\\\/blog\\\/#website\",\"url\":\"https:\\\/\\\/colchonesvela.com\\\/blog\\\/\",\"name\":\"Colchones Vela\",\"description\":\"Art\u00edculos para el descanso\",\"publisher\":{\"@id\":\"https:\\\/\\\/colchonesvela.com\\\/blog\\\/#organization\"},\"potentialAction\":[{\"@type\":\"SearchAction\",\"target\":{\"@type\":\"EntryPoint\",\"urlTemplate\":\"https:\\\/\\\/colchonesvela.com\\\/blog\\\/?s={search_term_string}\"},\"query-input\":{\"@type\":\"PropertyValueSpecification\",\"valueRequired\":true,\"valueName\":\"search_term_string\"}}],\"inLanguage\":\"es\"},{\"@type\":\"Organization\",\"@id\":\"https:\\\/\\\/colchonesvela.com\\\/blog\\\/#organization\",\"name\":\"Colchones Vela\",\"url\":\"https:\\\/\\\/colchonesvela.com\\\/blog\\\/\",\"logo\":{\"@type\":\"ImageObject\",\"inLanguage\":\"es\",\"@id\":\"https:\\\/\\\/colchonesvela.com\\\/blog\\\/#\\\/schema\\\/logo\\\/image\\\/\",\"url\":\"https:\\\/\\\/colchonesvela.com\\\/blog\\\/wp-content\\\/uploads\\\/2021\\\/03\\\/vela-logo-11.png\",\"contentUrl\":\"https:\\\/\\\/colchonesvela.com\\\/blog\\\/wp-content\\\/uploads\\\/2021\\\/03\\\/vela-logo-11.png\",\"width\":212,\"height\":140,\"caption\":\"Colchones Vela\"},\"image\":{\"@id\":\"https:\\\/\\\/colchonesvela.com\\\/blog\\\/#\\\/schema\\\/logo\\\/image\\\/\"},\"sameAs\":[\"https:\\\/\\\/www.instagram.com\\\/colchonesvela\\\/\"]}]}<\/script>\n<!-- \/ Yoast SEO Premium plugin. -->","yoast_head_json":{"title":"El Blog del Descanso | Consejos, Tipos y Gu\u00edas | Colchones Vela","description":"Accede y descubre los mejores art\u00edculos relacionados con el descanso y la compra de productos de descanso. Colchones, almohadas, canap\u00e9s...","robots":{"index":"index","follow":"follow","max-snippet":"max-snippet:-1","max-image-preview":"max-image-preview:large","max-video-preview":"max-video-preview:-1"},"canonical":"https:\/\/colchonesvela.com\/blog\/","og_locale":"es_ES","og_type":"article","og_title":"Inicio","og_description":"Accede y descubre los mejores art\u00edculos relacionados con el descanso y la compra de productos de descanso. Colchones, almohadas, canap\u00e9s...","og_url":"https:\/\/colchonesvela.com\/blog\/","og_site_name":"Colchones Vela","article_modified_time":"2026-01-23T13:32:11+00:00","twitter_card":"summary_large_image","twitter_misc":{"Tiempo de lectura":"4 minutos"},"schema":{"@context":"https:\/\/schema.org","@graph":[{"@type":"WebPage","@id":"https:\/\/colchonesvela.com\/blog\/inicio\/","url":"https:\/\/colchonesvela.com\/blog\/","name":"El Blog del Descanso | Consejos, Tipos y Gu\u00edas | Colchones Vela","isPartOf":{"@id":"https:\/\/colchonesvela.com\/blog\/#website"},"datePublished":"2021-03-09T14:57:34+00:00","dateModified":"2026-01-23T13:32:11+00:00","description":"Accede y descubre los mejores art\u00edculos relacionados con el descanso y la compra de productos de descanso. Colchones, almohadas, canap\u00e9s...","breadcrumb":{"@id":"https:\/\/colchonesvela.com\/blog\/#breadcrumb"},"inLanguage":"es","potentialAction":[{"@type":"ReadAction","target":["https:\/\/colchonesvela.com\/blog\/"]}]},{"@type":"BreadcrumbList","@id":"https:\/\/colchonesvela.com\/blog\/#breadcrumb","itemListElement":[{"@type":"ListItem","position":1,"name":"Portada","item":"https:\/\/colchonesvela.com\/blog\/inicio\/"},{"@type":"ListItem","position":2,"name":"Inicio"}]},{"@type":"WebSite","@id":"https:\/\/colchonesvela.com\/blog\/#website","url":"https:\/\/colchonesvela.com\/blog\/","name":"Colchones Vela","description":"Art\u00edculos para el descanso","publisher":{"@id":"https:\/\/colchonesvela.com\/blog\/#organization"},"potentialAction":[{"@type":"SearchAction","target":{"@type":"EntryPoint","urlTemplate":"https:\/\/colchonesvela.com\/blog\/?s={search_term_string}"},"query-input":{"@type":"PropertyValueSpecification","valueRequired":true,"valueName":"search_term_string"}}],"inLanguage":"es"},{"@type":"Organization","@id":"https:\/\/colchonesvela.com\/blog\/#organization","name":"Colchones Vela","url":"https:\/\/colchonesvela.com\/blog\/","logo":{"@type":"ImageObject","inLanguage":"es","@id":"https:\/\/colchonesvela.com\/blog\/#\/schema\/logo\/image\/","url":"https:\/\/colchonesvela.com\/blog\/wp-content\/uploads\/2021\/03\/vela-logo-11.png","contentUrl":"https:\/\/colchonesvela.com\/blog\/wp-content\/uploads\/2021\/03\/vela-logo-11.png","width":212,"height":140,"caption":"Colchones Vela"},"image":{"@id":"https:\/\/colchonesvela.com\/blog\/#\/schema\/logo\/image\/"},"sameAs":["https:\/\/www.instagram.com\/colchonesvela\/"]}]}},"_links":{"self":[{"href":"https:\/\/colchonesvela.com\/blog\/wp-json\/wp\/v2\/pages\/28","targetHints":{"allow":["GET"]}}],"collection":[{"href":"https:\/\/colchonesvela.com\/blog\/wp-json\/wp\/v2\/pages"}],"about":[{"href":"https:\/\/colchonesvela.com\/blog\/wp-json\/wp\/v2\/types\/page"}],"author":[{"embeddable":true,"href":"https:\/\/colchonesvela.com\/blog\/wp-json\/wp\/v2\/users\/1"}],"replies":[{"embeddable":true,"href":"https:\/\/colchonesvela.com\/blog\/wp-json\/wp\/v2\/comments?post=28"}],"version-history":[{"count":37,"href":"https:\/\/colchonesvela.com\/blog\/wp-json\/wp\/v2\/pages\/28\/revisions"}],"predecessor-version":[{"id":1277,"href":"https:\/\/colchonesvela.com\/blog\/wp-json\/wp\/v2\/pages\/28\/revisions\/1277"}],"wp:attachment":[{"href":"https:\/\/colchonesvela.com\/blog\/wp-json\/wp\/v2\/media?parent=28"}],"curies":[{"name":"wp","href":"https:\/\/api.w.org\/{rel}","templated":true}]}}